{"id":66,"date":"2016-02-27T11:18:21","date_gmt":"2016-02-27T11:18:21","guid":{"rendered":"http:\/\/users.utu.fi\/ahpmak\/?page_id=66"},"modified":"2026-03-20T12:52:50","modified_gmt":"2026-03-20T10:52:50","slug":"myk","status":"publish","type":"page","link":"https:\/\/users.utu.fi\/ahpmak\/myk\/","title":{"rendered":"MYK seminar"},"content":{"rendered":"<p style=\"text-align: justify\">I organized a seminar series titled &#8220;<strong>Melko yleist\u00e4 kielitiedett\u00e4<\/strong>&#8221; (&#8216;Fairly general linguistics&#8217;) or <strong>MYK<\/strong> with a number of colleagues at the University of Turku, School of Languages and Translation Studies, between 2013 and 2026. MYK was started by myself and Dr. Ville Lepp\u00e4nen during our postgraduate studies, and we were the two co-organizers for the first twelve meetings. For MYK XIII to MYK XXX, Dr. Tommi Alho joined us as co-organizer. MYK XXXI I organized together with Alho, MYK XXXII and MYK XXXIII with Alho and Prof. Jussi Ylikoski, and MYK XXXIV with Alho, Ylikoski, and Prof. Anneli Pajunen. After the thirty-fourth meeting, I decided to finally step down as organizer. Many thanks to everyone who attended one of our meetings during my time as organizer!<\/p>\n<p style=\"text-align: justify\"><strong>Why MYK?<\/strong><\/p>\n<p style=\"text-align: justify\">MYK began as a one-off meeting in September 2013 for discussing the role of general linguistics in the research conducted at the University of Turku. The Department of General Linguistics had been lost in 2012, so this seemed to us a topical theme. After the first meeting it became evident that there was a demand for an informal seminar of (fairly) general linguistics, and the format started to take shape in the following months. The seminar aimed to bring together researchers working on various different languages and to provide a platform for more theoretical and general discussions. Our hope was also that MYK could serve as a channel for introducing undergrads to general linguistics or to various kinds of more theoretical questions in general.<img loading=\"lazy\" decoding=\"async\" class=\"size-medium wp-image-211 aligncenter\" src=\"https:\/\/users.utu.fi\/ahpmak\/wp-content\/uploads\/sites\/37\/2016\/02\/myk_20032015_2-300x225.jpg\" alt=\"myk_20032015_2\" width=\"300\" height=\"225\" srcset=\"https:\/\/users.utu.fi\/ahpmak\/wp-content\/uploads\/sites\/37\/2016\/02\/myk_20032015_2-300x225.jpg 300w, https:\/\/users.utu.fi\/ahpmak\/wp-content\/uploads\/sites\/37\/2016\/02\/myk_20032015_2-768x576.jpg 768w, https:\/\/users.utu.fi\/ahpmak\/wp-content\/uploads\/sites\/37\/2016\/02\/myk_20032015_2-1024x768.jpg 1024w, https:\/\/users.utu.fi\/ahpmak\/wp-content\/uploads\/sites\/37\/2016\/02\/myk_20032015_2-260x195.jpg 260w\" sizes=\"auto, (max-width: 300px) 100vw, 300px\" \/><\/p>\n<p style=\"text-align: justify\">Most meetings have had a more or less uniform theme, such as historical linguistics, the history of linguistics, normativity in linguistics, cognitive linguistics, language acquisition, or sound symbolism, while others have been &#8216;varia&#8217; seminars.<\/p>\n<p><strong>List of events<\/strong><\/p>\n<p><em><strong>MYK XXXIV: Esa Itkonen 82 vuotta -juhlaseminaari, 17.3.2026<\/strong><\/em><\/p>\n<p>Alkusanat<\/p>\n<p>vararehtori, prof. Maija S. Peltola (TY): <em>Kielentutkimus vaikuttavuuden ytimess\u00e4<\/em><\/p>\n<p>FT, dos. Jouni Rostila (HY): <em>Perifraaseja oppijankieless\u00e4<\/em><\/p>\n<p>FT, dos. Mikko K. Heikkil\u00e4 (UiT Norges arktiske universitet &amp; TaY): <em>Tiistai on tiedett\u00e4 t\u00e4ynn\u00e4<\/em><\/p>\n<p>FT, dos. Arja Hamari (TY), FT Emmi Hyn\u00f6nen (TY), FT, dos. Krista Ojutkangas (TY) &amp; prof. Matti Miestamo (HY): <em>Uralilaiset maailmat: rinnakkaiskorpukseen pohjautuvaa leksikaalista typologiaa<\/em><\/p>\n<p>FT Nobufumi Inaba (TY) &amp; prof. Jussi Ylikoski (TY): <em>Pok\u00e9mon GO kohtaa salaper\u00e4isen Intian ja Arabian<\/em><\/p>\n<p>johtava asiantuntija Timo Haukioja (Turun kaupunki): <em>Mit\u00e4 muuta kielitieteilij\u00e4 sitten voisi tehd\u00e4?<\/em><\/p>\n<p>&nbsp;<\/p>\n<p><strong><em>MYK XXXIII: Raimo Anttilan muistoseminaari, 7.9.2023<\/em><\/strong><\/p>\n<p>Alkusanat<\/p>\n<p>dos. Petri Kallio (HY): <em>Raimo Anttila indoeuropeistina<\/em><\/p>\n<p>FT Markus Hamunen (Xamk &amp; HY): <em>Raimo Anttilan kentt\u00e4ajattelun vaikutuksia morfologian kuvaukseen fennistiikassa<\/em><\/p>\n<p>prof. Jussi Ylikoski (TY): <em>Kadonneen referatiivirakenteen mets\u00e4st\u00e4j\u00e4t<\/em><\/p>\n<p>FT Emmi Hyn\u00f6nen (TY) &amp; dos. Seppo Kittil\u00e4 (HY): <em>Aimo Ranttila ja mullistuttavat \u00e4\u00e4nteet<\/em><\/p>\n<p>prof. emeritus Esa Itkonen (TY): <em>Vaihtoehtoinen historia 1975\u2013: Anttila &amp; Co. syrj\u00e4ytt\u00e4\u00e4 generativismin<\/em><\/p>\n<p>FT Niklas Mets\u00e4ranta (HY): <em>Sananjohto ja etymologia<\/em><\/p>\n<p>FT Mikko Kauko (TY): <em>Filologisia huomioita tekstist\u00e4<\/em>Claustrum animae<\/p>\n<p>FT Tommi Alho (Universit\u00e4t Innsbruck): Domine ivimus<em> (CIIP 1,2 787) \u2013 pyhiinvaeltajia Jerusalemissa Konstantinuksen aikakaudella?<\/em><\/p>\n<p>FT Nobufumi Inaba (TY): <em>Pieni selvitys vuoden 1526 ruotsinkielisess\u00e4 Uudessa testamentissa esiintyvist\u00e4 lohkeamatyypeist\u00e4<\/em><\/p>\n<p>FT Aleksi M\u00e4kil\u00e4hde (HY): <em>Filologian filosofiaa Raimo Anttilan jalanj\u00e4ljiss\u00e4<\/em><\/p>\n<p>Loppusanat<\/p>\n<p>&nbsp;<\/p>\n<p><strong><em>MYK XXXII: Aikoja ja tapoja, 25.4.2023<br \/>\n<\/em><\/strong><\/p>\n<p>FM Silja-Maija Spets (TY): <em>Mit\u00e4 voi siirt\u00e4\u00e4 aika-akselilla? Retrospektiivist\u00e4vill\u00e4 markkereilla muodostettujen menneen ajan aikamuotojen ei-ajallisista merkityssis\u00e4ll\u00f6ist\u00e4 \u2013 esimerkkin\u00e4 mari<\/em><\/p>\n<p>FT, apulaisprofessori Sami Honkasalo (HY): <em>Aikoja ja tapoja geshizan kieless\u00e4<br \/>\n<\/em><\/p>\n<p>prof. emeritus Esa Itkonen: <em>Struktuuri ja aika<br \/>\n<\/em><\/p>\n<p>prof. emeritus Esa Itkonen: <em>E. F. Konrad Koerner (1939\u20132022) in memoriam: Henkil\u00f6kohtaisia muistoja<\/em><\/p>\n<p>&nbsp;<\/p>\n<p><strong><em>MYK XXXI: Kielitieteen kentilt\u00e4 2, 31.1.2020<br \/>\n<\/em><\/strong><\/p>\n<p>Seminaarin avaussanat ja kirjan <em>Normativity in Language and Linguistics<\/em> julkistaminen<\/p>\n<p>Prof. Urpo Nikanne (\u00c5A): <em>Visiot ja tilannekuvat Suomen hallitusohjelmateksteiss\u00e4<\/em><\/p>\n<p>Prof. Maija S. Peltola (TY): <em>Kielitausta ja ik\u00e4 vaikuttavat oppimiseen <span lang=\"EN-US\">\u2013<\/span> pelastaako varhentaminen kaiken?<\/em><\/p>\n<p>Prof. Esa Itkonen (TY): <em>Uusia virikkeit\u00e4 vanhaa kertaamalla (esimerkkin\u00e4 Magee [toim.] 1982\/1978)<\/em><\/p>\n<p>&nbsp;<\/p>\n<p><em><strong>MYK XXX: Typologiaa ja teorianmuodostusta, 12.4.2019<\/strong><\/em><\/p>\n<p>FT Miina Norvik (Tarton yliopisto &amp; TY): <em>Uralilaisten kielten rakenneaineiston kokoaminen: Miksi ja miten?<\/em><\/p>\n<p>FM Emilia Tuuri (TaY): <em>Spatiaalisen viittaamisen strategiat suomen liikeilmauksissa<\/em><\/p>\n<p>FT Max Wahlstr\u00f6m (HY): <em>Keskusteluaineistot ja typologia <span lang=\"EN-US\">\u2013<\/span> Referentiaalisuus etel\u00e4slaavilaisissa kieliss\u00e4<\/em><\/p>\n<p>FM Chingduang Yurayong &amp; FT, dos. Seppo Kittil\u00e4 (HY): <em>Demonstrative and pronoun as enclitic discourse markers in Finnish and other Finnic languages: A typological perspective <\/em>(NB! presentation in Finnish)<\/p>\n<p>Prof. Esa Itkonen (TY): &#8216;<em>Kielitieteen vallankumous&#8217;? (Alustavia havaintoja keskusteluaineiston merkityksest\u00e4 teoreettiselle kielitieteelle)<\/em><\/p>\n<p>&nbsp;<\/p>\n<p><em><strong>MYK XXIX: Aineistoja ja menetelmi\u00e4, 27.4.2018<\/strong><\/em><\/p>\n<p>FT Nobufumi Inaba (TY): Pelisanaston vaikutuksesta suomen kielen rakenteeseen<\/p>\n<p>Prof. Esa Itkonen (TY): <em>Miten puheaineistojen tutkimus on vaikuttanut kielitieteelliseen teorianmuodostukseen?<br \/>\n<\/em><\/p>\n<p>Prof. Anneli Pajunen (TaY): <em>Transitiivisuudesta kielen kehityksen ja k\u00e4yt\u00f6n kannalta<\/em><\/p>\n<p>FT Seppo Vainio (TY): <em>Transitiivisuuden prosessoinnista<\/em><\/p>\n<p>&nbsp;<\/p>\n<p><em><strong>MYK XXVIII: Spekulaatioita, 22.2.2018<\/strong><\/em><\/p>\n<p>Prof. Urpo Nikanne (\u00c5A): <em>Kielij\u00e4rjestelm\u00e4n idea<\/em><\/p>\n<p>FT Mikko Heikkil\u00e4 (TaY): <em>Tietohoristonttiin tiirailua: Esimerkkin\u00e4 suomen kielen kirjallinen k\u00e4ytt\u00f6 keskiajalla<\/em><\/p>\n<p>Prof. Esa Itkonen (TY): <em>Voiko kielell\u00e4 olla omia (yksityisist\u00e4 puhujista riippumattomia) p\u00e4\u00e4m\u00e4\u00e4ri\u00e4\u00e4n?<\/em><\/p>\n<p>&nbsp;<\/p>\n<p><em><strong>MYK XXVII: Kokeellista ja kvantitatiivista, k\u00e4\u00e4nteit\u00e4 ja n\u00e4k\u00f6kulmia, 15.12.2017<\/strong><\/em><\/p>\n<p>Prof. Esa Itkonen (TY): <em>&#8220;Sosiaalinen ja\/tai kvantitatiivinen k\u00e4\u00e4nne&#8221; kognitiivisessa kielitieteess\u00e4<\/em><\/p>\n<p>Prof. Anneli Pajunen (TaY): <em>Tapahtumien nime\u00e4minen: Normitus ja variaatio<\/em><\/p>\n<p>FT, dos. Tommi Kurki (TY): <em>K\u00e4\u00e4nteit\u00e4, aaltoja ja riste\u00e4mi\u00e4 variaationtutkimuksessa<\/em><\/p>\n<p>FT Terhi Honkola (TY &amp; Tarton yliopisto): <em>Uutta, vanhaa, sinist\u00e4, lainattua: Historiallinen kielitiede ja laskennallinen k\u00e4\u00e4nne<\/em><\/p>\n<p>&nbsp;<\/p>\n<p><em><strong>MYK XXVI: Yleinen kielitiede, k\u00e4\u00e4nn\u00f6stiede ja viittomakielen tutkimus, 3.11.2017<\/strong><\/em><\/p>\n<p>FM Ulla Niittyinper\u00e4 (Diak): <em>Melko yleist\u00e4 kielitiedett\u00e4 viittomakielentulkkien koulutuksessa<\/em><\/p>\n<p>FM Minttu Laine (JY): <em>Puhujan identiteetin ilmaiseminen viittomakielentulkkauksessa: Multimodaalinen n\u00e4k\u00f6kulma<\/em><\/p>\n<p>Prof. Esa Itkonen (TY): <em>Muutamia havaintoja yleisen kielitieteen ja k\u00e4\u00e4nn\u00f6stieteen suhteesta<\/em><\/p>\n<p>&nbsp;<\/p>\n<p><em><strong>MYK XXV: Typologiaa ja kielihistoriaa, 22.9.2017<\/strong><\/em><\/p>\n<p>FM Tommi Alho (\u00c5A) &amp; Prof. Angela Bartens (TY): <em>Kielenvaihtoa kreikasta latinaan antiikin Roomassa: Huomioita nominimorfologiasta<\/em><\/p>\n<p>FM Ville Lepp\u00e4nen (LMU M\u00fcnchen): <em>Historical and typological remarks on vowel alternation<\/em><\/p>\n<p>Prof. Esa Itkonen (TY): <em>Maailman kielten yhteinen rakenne ja sen 3-osainen funktio (=interim report)<\/em><\/p>\n<p>&nbsp;<\/p>\n<p><em><strong>MYK XXIV: Raimo Anttila 82 vuotta -juhlaseminaari, 12.5.2017<\/strong><\/em><\/p>\n<p>(tilaisuuden j\u00e4rjest\u00e4j\u00e4t): <em>&#8220;Ep\u00e4tavallisen monipuolinen&#8221;: Katsaus Raimo Anttilan uraan ja tieteelliseen toimintaan<\/em><\/p>\n<p>Prof. Esa Itkonen (TY): <em>Raimo Anttila ja tieteenfilosofia I: Semiotiikka, analogia, &#8216;pattern explanation&#8217;<\/em><\/p>\n<p>FM Aleksi M\u00e4kil\u00e4hde (TY): <em>Raimo Anttila ja tieteenfilosofia II: Filologia<\/em><\/p>\n<p>FM Ville Lepp\u00e4nen (LMU M\u00fcnchen): <em>Lat. <\/em>bellum<\/p>\n<p>FM Mikko Laasanen (Tay): <em>N\u00e4k\u00f6kulman merkitys (ja hitunen Saussurea)<\/em><\/p>\n<p>FT Nobufumi Inaba (TY): <em>Historiallisen morfologian uskottavuus aineistojen valossa<\/em><\/p>\n<p>FT Mikko Kauko (TY): <em>Vierasper\u00e4isist\u00e4 sijap\u00e4\u00e4tteist\u00e4 my\u00f6h\u00e4iskeskiajan ruotsissa<\/em><\/p>\n<p>FM Tommi Alho (\u00c5A) &amp; FM Aleksi M\u00e4kil\u00e4hde (TY): <em>Muinaisenglannin latinalaisten lainasanojen ajoittamisesta<\/em><\/p>\n<p>&nbsp;<\/p>\n<p><em><strong>MYK XXIII: Multimodaalinen maanantai, 10.4.2017<\/strong><\/em><\/p>\n<p>Prof. Matti Peikola (TY): <em>Filologi kirjan arkeologina: Materiaalisen tekstin tutkimuksesta<\/em><\/p>\n<p>FM Pauliina Peltonen (TY): <em>Multimodaalisuus suullisen kielitaidon tutkimuksessa<\/em><\/p>\n<p>Prof. Esa Itkonen (TY): <em>Multimodaalisuuden kognitiiviset juuret (tai ainakin joitakin niist\u00e4)<\/em><\/p>\n<p>&nbsp;<\/p>\n<p><em><strong>MYK XXII: Kentt\u00e4lingvistiikkaa, 10.3.2017<\/strong><\/em><\/p>\n<p>FT Erika Sandman (HY): <em>Wutunin kielioppia kuvaamassa: Kentt\u00e4ty\u00f6, kieltenv\u00e4linen vertailu ja typologia v\u00e4h\u00e4n tutkitun kielen kuvauksessa<\/em><\/p>\n<p>MA Sami Honkasalo (HY): <em>Kielitieteellisen kentt\u00e4tutkimuksen haasteet ja modernin teknologian mahdollisuudet: Tapaustutkimus horpakielten kuvaamisesta Kiinassa, Dharamshalan pakolaisyhteis\u00f6ss\u00e4 sek\u00e4 virtuaaliymp\u00e4rist\u00f6ss\u00e4<\/em><\/p>\n<p>Prof. Esa Itkonen (TY): <em>Mitalin toinen puoli: Huomioita teemasta &#8216;Miten oppia eksoottinen kieli vain kieliopin avulla&#8217;<\/em><\/p>\n<p>&nbsp;<\/p>\n<p><em><strong>MYK XXI: Normip\u00e4iv\u00e4 4, 12.1.2017<\/strong><\/em><\/p>\n<p>Dr. Johan Blomberg &amp; Prof. Jordan Zlatev (Lundin yliopisto): <em>Norms of language: What are they, and where do they come from? Insights from phenomenology<\/em><\/p>\n<p>FM Markus Kortesm\u00e4ki (\u00c5A): <em>Meanings as justifying reasons for action<\/em><\/p>\n<p>Prof. Esa Itkonen (TY): <em>Truth and normativity<\/em><\/p>\n<p>&nbsp;<\/p>\n<p><em><strong>MYK XX: Normip\u00e4iv\u00e4 3, 8.12.2016<\/strong><\/em><\/p>\n<p>Prof. Esa Itkonen (TY): <em>Uusinta uutta normatiivisuusrintamalta: Wedgwood (2007), Owens (2012), Brennan et al. (2013)<\/em><\/p>\n<p>Prof. Anneli Pajunen (TaY): <em>Natiivin tieto harvinaisista sanoista<\/em><\/p>\n<p>FM Mikko Laasanen (TaY): <em>Volo<\/em><em>\u0161inovin kielifilosofian tutkiskelua<\/em><\/p>\n<p>FT Tapani M\u00f6tt\u00f6nen (AYO): <em>Tyypillisi\u00e4 virhep\u00e4\u00e4telmi\u00e4 ajanilmausten kognitiivisesta perustasta<\/em><\/p>\n<p>Prof. Jussi Ylikoski (UiT N\u00f6\u00f6rjen arktiske universiteete (Tromssa)): <em>&#8220;Samer kan hj\u00e4lpa oss \u00e5 f\u00f6rst\u00e5&#8221;: Etel\u00e4saamelainen n\u00e4k\u00f6kulma er\u00e4\u00e4seen skandinaaviseen ortografiseen ongelmaan<\/em><\/p>\n<p>&nbsp;<\/p>\n<p><em><strong>MYK XIX: Muinaiset kielikontaktit, 11.11.2016<\/strong><\/em><\/p>\n<p>Prof. Esa Itkonen (TY): <em>Sanskritin vaikutus muinaistamilin kielioppiin<\/em><\/p>\n<p>FM Sonja Dahlgren (HY): <em>Post-klassinen kreikka Egyptiss\u00e4: Kielikontaktin tuloksia<\/em><\/p>\n<p>FM Aleksi M\u00e4kil\u00e4hde (TY) &amp; FM Veli-Matti Rissanen (TY): <em>Ciceron kirjeiden koodinvaihdon syntaksista<\/em><\/p>\n<p>FT Mikko Kauko (TY): <em>Latinismeja ja koodinvaihtoa ruotsinkielisiss\u00e4 1700-luvun teksteiss\u00e4<\/em><\/p>\n<p>&nbsp;<\/p>\n<p><em><strong>MYK XVIII: Kielen evoluutio ja muutos, 7.10.2016<\/strong><\/em><\/p>\n<p>FT Terhi Honkola (TY): <em>Kielievoluution monet kasvot<\/em><\/p>\n<p>Prof. Esa Itkonen (TY): <em>Kielihistoria ja hermeneutiikka<\/em><\/p>\n<p>Prof. Raimo Anttila (UCLA): <em>Taivasta ja helvetti\u00e4 indoeuroopan etymologian iloissa<\/em><\/p>\n<p>&nbsp;<\/p>\n<p><em><strong>MYK XVII: Kielitieteen kentilt\u00e4, 13.5.2016<\/strong><\/em><\/p>\n<p>FT Pekka Lintunen (TY): <em>Kielenoppijan uskomukset ja valinnat: tutkimuksesta huolimatta, tutkimuksen ansiosta<\/em><\/p>\n<p>Prof. Urpo Nikanne (\u00c5A): <em>Alistuskonjunktioiden kuvaus konstruktioina<\/em><\/p>\n<p>Prof. Esa Itkonen (TY): <em>Kaksi klassikkoa: Hermann Paul (=kielihistoria) ja G. H. von Wright (=arvot ja normit)<\/em><\/p>\n<p>&nbsp;<\/p>\n<p><em><strong>MYK XVI: Tietysti Paulkin! (Hermann Paul -juhlaseminaari), 22.3.2016<\/strong><\/em><\/p>\n<p>Prof. Kari Kein\u00e4st\u00f6 (TY): <em>Hermann Paul (1846-1921): el\u00e4m\u00e4, ura ja teokset<\/em><\/p>\n<p>FT Mikko Kauko (TY): <em>Hermann Paul ja filologian m\u00e4\u00e4rittely<\/em><\/p>\n<p>FM Ville Lepp\u00e4nen (LMU M\u00fcnchen): <em>Hermann Paul, grammatikalisaatio ja kielenmuutos<\/em><\/p>\n<p>FM Aleksi M\u00e4kil\u00e4hde (TY): <em>Hermann Paulin relevanssi nykyiselle kielikontaktien ja monikielisyyden tutkimukselle<\/em><\/p>\n<p>&nbsp;<\/p>\n<p><em><strong>MYK XV: \u00c4\u00e4nnesymboliikkaa, 19.2.2016<\/strong><\/em><\/p>\n<p>FT Eve Mikone (TY): <em>Haja-ajatuksia \u00e4\u00e4nnesymboliikasta<\/em><\/p>\n<p>Prof. Johanna Viimaranta (TY): <em>Onomatopoeettisten sanojen vakiintuneisuudesta\u00a0\u2013\u00a0esimerkkin\u00e4 suomen ja ven\u00e4j\u00e4n \u00e4\u00e4nt\u00e4 kuvaavat interjektiot ja verbit<\/em><\/p>\n<p>FT Maria-Magdalena J\u00fcrvetson (Tallinnan yliopisto): <em>Suomen kielen nauramisverbien merkitysvivahteista \u00e4\u00e4nnesymboliikan valossa<\/em><\/p>\n<p>FT, dos. Seppo Kittil\u00e4 &amp; FM Sonja Dahlgren (HY): <em>\u00c4\u00e4nnesymboliikkaa demonstratiiveissa?<\/em><\/p>\n<p>Prof. Esa Itkonen (TY): <em>Havaintoja uusimmasta ranskankielisest\u00e4 \u00e4\u00e4nnesymboliikkatutkimuksesta<\/em><\/p>\n<p>&nbsp;<\/p>\n<p><em><strong>MYK XIV: Normip\u00e4iv\u00e4 2, 11.12.2015<\/strong><\/em><\/p>\n<p>Mit\u00e4 on normatiivisuus? Johdatus p\u00e4iv\u00e4n teemaan (Ville Lepp\u00e4nen &amp; Aleksi M\u00e4kil\u00e4hde)<\/p>\n<p>FM Ville Lepp\u00e4nen (LMU M\u00fcnchen): <em>Normit, variaatio ja muutos<\/em><\/p>\n<p>FM Aleksi M\u00e4kil\u00e4hde (TY): <em>Normatiivisuudesta koodinvaihdon tutkimuksessa<\/em><\/p>\n<p>Prof. Esa Itkonen (TY): <em>&#8220;Kokonaisuus on enemm\u00e4n kuin osiensa summa&#8221; \u2013 Mik\u00e4 on t\u00e4m\u00e4n teesin tarkka merkitys ja erityisesti sen suhde normatiivisuuteen?<\/em><\/p>\n<p>&nbsp;<\/p>\n<p><em><strong>MYK XIII: Kielihistoriallinen iltap\u00e4iv\u00e4 2, 1.10.2015<\/strong><\/em><\/p>\n<p>FT Nobufumi Inaba (TY): <em>Uskottavuusongelmia diakronisessa kielentutkimuksessa<\/em><\/p>\n<p>FT Mikko Heikkil\u00e4 (TaY): <em>Varhaissuomen \u00e4\u00e4nnehistorian kronologiasta dokumentoidun (keskiaikaisen) kieliaineiston valossa<\/em><\/p>\n<p>FM Ville Lepp\u00e4nen (Ludwig-Maximilians-Universit\u00e4t M\u00fcnchen): <em>Klassilliset kielet ja kielitiede<\/em><\/p>\n<p>Prof. Esa Itkonen (TY): <em>Diakronia voi my\u00f6s kaventaa n\u00e4k\u00f6kulmaa: esimerkkin\u00e4 sananjohdon (=&#8217;derivation&#8217;) rooli kieliopissa<\/em><\/p>\n<p>&nbsp;<\/p>\n<p><em><strong>MYK XII: Professorien paluu, 17.4. 2015<\/strong><\/em><\/p>\n<p>FM Ville Lepp\u00e4nen &amp; FM Aleksi M\u00e4kil\u00e4hde (TY): <em>(Ensimm\u00e4iset) kaksi vuotta Melko yleist\u00e4 kielitiedett\u00e4<\/em><\/p>\n<p>Prof. Kari Suomi (OY): <em>Mora (pohjois)suomen \u00e4\u00e4nneopissa<\/em><\/p>\n<p>Prof. Esa Itkonen (TY): <em>Yleisen ontologian (=asiantilan) ja sit\u00e4 vastaavan kielikohtaiset lausemerkityksen &#8216;v\u00e4liin&#8217; sijoittuvan kognitiivisen k\u00e4sitteistyksen tarpeellisuudesta ja luonteesta uusimman tutkimuksen valossa<\/em><\/p>\n<p>Prof. Anneli Pajunen (TaY): <em>Edellisen teeman merkitys kokeellisessa tutkimuksessa<\/em><\/p>\n<p>&nbsp;<\/p>\n<p><em><strong>MYK XI: Kielenoppimista tutkimassa, 20.3.2015<\/strong><\/em><\/p>\n<p>Prof.\u00a0Anneli Pajunen\u00a0(TaY): <em>Miten arvioida natiivin kielenhallintaa?<\/em><\/p>\n<p>FM Pauliina Peltonen (TY): <em>Tutkimuskohteena puheen sujuvuus \u2013 mit\u00e4 oikeastaan tutkitaan?<\/em><\/p>\n<p>Prof.\u00a0Esa Itkonen\u00a0(TY): <em>Millaiset ovat kielens\u00e4 oppineiden mielet: homogenous or variable competence?<\/em><\/p>\n<p>&nbsp;<\/p>\n<p><em><strong>MYK X: Keskustelua kognitiivisesta kielitieteest\u00e4, 13.2.2015<\/strong><\/em><\/p>\n<p>Prof. Esa Itkonen (TY): <em>Cognitive Grammar: Luonteva p\u00e4\u00e4llysrakenne hataralla perustalla<\/em><\/p>\n<p>FT, dos.\u00a0Krista Ojutkangas (TY):\u00a0<em>Suomen <\/em>mukana<em>&#8211; ja <\/em>mukaan <em>sanojen\u00a0kieliopillistuminen: Teoreettisten l\u00e4ht\u00f6oletusten ja aineiston vuoropuhelua<\/em><\/p>\n<p>FM Markus Hamunen (TaY): <em>V\u00e4h\u00e4n analogiasta\u00a0kognitiivisessa kielentutkimuksessa<\/em><\/p>\n<p>&nbsp;<\/p>\n<p><em><strong>MYK IX: Normip\u00e4iv\u00e4, 5.12.2014<\/strong><\/em><\/p>\n<p>Prof. Esa Itkonen (TY): <em>Normin synty ja luonne (vauhtia Vanhasta Testamentista asti ottaen)<\/em><\/p>\n<p>FM Aleksi M\u00e4kil\u00e4hde (TY): <em>Normatiivisuus ja pragmatiikka<\/em><\/p>\n<p>FM Ville Lepp\u00e4nen (TY): <em>Normatiivisuus ja kielenmuutos<\/em><\/p>\n<p>FM Tommi Alho (\u00c5A): <em>Kielenmuutos ja normatiivisuus k\u00e4yt\u00e4nn\u00f6ss\u00e4<\/em><\/p>\n<p>&nbsp;<\/p>\n<p><em><strong>MYK VIII: Kielioppia monelta kantilta, 31.10.2014<\/strong><\/em><\/p>\n<p>FT Jaana Vaahtera (TY): <em>Melko biologista? Kieliopillisesta suvusta antiikissa<\/em><\/p>\n<p>Prof. Urpo Nikanne (\u00c5A): <em>Mit\u00e4 generatiivinen kielentutkimus on?<\/em><\/p>\n<p>FT Merlijn de Smit (TY): <em>Reanalyysi, ekstensio ja kieliopin lainautuminen: tapaus vanhan kirjasuomen nesessiivit<\/em><\/p>\n<p>Prof. Esa Itkonen (TY): <em>Peruslauseen osatekij\u00e4t (= verbi-persoonasysteemi-substantiivi) P\u0101n\u0323inin testiss\u00e4, aksiomatiikkaa unohtamatta<\/em><\/p>\n<p>&nbsp;<\/p>\n<p><em><strong>MYK VII: N\u00e4k\u00f6kulmia kieleen ja kielentutkimukseen, 26.9.2014<\/strong><\/em><\/p>\n<p>Prof. Esa Itkonen (TY): <em>Uusinta uutta analogiarintamalta<\/em><\/p>\n<p>FM Jyri Lehtinen (HY): <em>Kielitiedett\u00e4 risteyskohdassa: Kielten ja murteiden v\u00e4linen vaihtelu evolutiivisessa viitekehyksess\u00e4<\/em><\/p>\n<p>FM Ville Lepp\u00e4nen (TY): <em>Diakronisen selityksen voima<\/em><\/p>\n<p>FT, dos. Seppo Kittil\u00e4 (HY): <em>Yksitt\u00e4iskielisen ja typologisen tutkimuksen eroista<\/em><\/p>\n<p>FM Aleksi M\u00e4kil\u00e4hde (TY): <em>Pragmaattista funktiota etsim\u00e4ss\u00e4<\/em><\/p>\n<p>Prof. Angela Bartens (TY): <em>Accounting for morphological and morphosyntactic variation in creoles \u2013 is it always possible or even feasible?<\/em><\/p>\n<p>&nbsp;<\/p>\n<p><em><strong>MYK VI: Oppi(aine)historian havinaa, 23.5.2014<\/strong><\/em><\/p>\n<p>Prof. Toivo Viljamaa (TY): <em>&#8220;Oportet etiam inter cenandum philologiam nosse&#8221; <\/em><em>\u2013<\/em><em> Klassillisten kielten oppiainehistoriaa Turun yliopistossa<\/em><\/p>\n<p>Prof. Kari Kein\u00e4st\u00f6 (TY): <em>Turkulaisen germanistiikan vanhempaa ja uudempaa oppiainehistoriaa<\/em><\/p>\n<p>FM Mikko Kauko (TY): <em>Otteita pohjoismaisen filologian oppiaineen historiasta Turun yliopistossa<\/em><\/p>\n<p>Prof. Esa Itkonen (TY)\u00a0&amp; Prof.\u00a0Raimo Anttila (UCLA): <em>Muisteluita suomalaisen kielitieteen historiasta<\/em><\/p>\n<p>&nbsp;<\/p>\n<p><em><strong>MYK V: Argumentaation vastaisku, 27.3.2014<\/strong><\/em><\/p>\n<p>FM Ville Lepp\u00e4nen (TY)\u00a0&amp; FM Aleksi M\u00e4kil\u00e4hde (TY): <em>Keksittyj\u00e4 esimerkkej\u00e4 ja rekonstruktion epistemologiaa<\/em><\/p>\n<p>Prof. Esa Itkonen (TY): <em>Kielitieteellisten ajatusvirheiden korjailua<\/em><\/p>\n<p>FT Outi Vesakoski (MTT): <em>Biologi-kielitieteilij\u00e4 -vuorovaikutussuhteen kehittyminen<\/em><\/p>\n<p>&nbsp;<\/p>\n<p><em><strong>MYK IV: Tutkielmatiistai, 4.2.2014<\/strong><\/em><\/p>\n<p>FM Aleksi M\u00e4kil\u00e4hde (TY)\u00a0&amp; FM Ville Lepp\u00e4nen (TY): <em>Lyhyt katsaus laitoksen kielitieteellisiin tutkielmiin<\/em><\/p>\n<p>Prof. Esa Itkonen (TY): <em>Miten saat opinn\u00e4ytteesi ensin valmiiksi ja sitten hyv\u00e4ksytyksi? Professori neuvoo<\/em><\/p>\n<p>FT, dos.\u00a0Maija S. Peltola (TY): <em>Monitieteisyyden ihanuus<\/em><\/p>\n<p>&nbsp;<\/p>\n<p><em><strong>MYK III: Tyypillist\u00e4 typologiaa, 29.11.2013<\/strong><\/em><\/p>\n<p>FM Emmi Hyn\u00f6nen (TY): <em>Predikatiiviadverbiaali vai sekundaarinen predikaatti? Fennistiikan ja kielitypologian ristivetoa<\/em><\/p>\n<p>Prof. Angela Bartens (TY): <em>Subject null arguments in creole languages<\/em><\/p>\n<p>Prof. Esa Itkonen (TY): <em>Esitell\u00e4\u00e4n uutuuskirja Bischoff S. &amp; Jany C. (toim.): Functional Approaches to Language<\/em><\/p>\n<p>&nbsp;<\/p>\n<p><em><strong>MYK\u00a0II: Kielihistoriallinen iltap\u00e4iv\u00e4, 18.10.2013<\/strong><\/em><\/p>\n<p>FM Ville Lepp\u00e4nen (TY): <em>Latinan ablaut: n\u00e4k\u00f6kulmia, ongelmia, ratkaisuja?<\/em><\/p>\n<p>Prof. Esa Itkonen (TY): <em>Isomorfia, ikonisuus, analogia, konstruktio, yleistys<\/em><\/p>\n<p>FM Mikko Kauko (TY): <em>Huomioita <\/em>ganska<em>-sanan etymologiasta<\/em><\/p>\n<p>FM Aleksi M\u00e4kil\u00e4hde (TY): <em>Huomioita lainasanoista, koodinvaihdosta ja kontaktista<\/em><\/p>\n<p>&nbsp;<\/p>\n<p><em><strong>Melko yleist\u00e4 kielitiedett\u00e4: Keskustelua yleisest\u00e4 kielitieteest\u00e4 kielitieteiden joukossa, 27.9.2013<\/strong><\/em><\/p>\n<p>Prof. Esa Itkonen (TY): <em>Mik\u00e4 on yleisen kielitieteen tarkoitus? Johdatus teemaan ynn\u00e4 kysymys-ja-vastaus -osio<\/em><\/p>\n<p>FM Aleksi M\u00e4kil\u00e4hde (TY): <em>Menetelm\u00e4\u00e4 etsim\u00e4ss\u00e4: yleisen kielitieteen rooli pragmafilologisessa tutkimuksessa<\/em><\/p>\n<p>FM Ville Lepp\u00e4nen (TY): <em>Toga tegit t\u0113gulas \u2013 melko yleist\u00e4 kielihistoriaa latinan ablautista<\/em><\/p>\n<p>FM Emmi Hyn\u00f6nen (TY): <em>Py\u00f6r\u00e4 on jo keksitty: yleisen kielitieteen vaikutuksia tutkijaksi ja opettajaksi kasvamiseen<\/em><\/p>\n<p>FM Mikko Kauko (TY): <em>Yleisen kielitieteen ja fonetiikan roolista pohjoismaisessa filologiassa professori Naertin aikana<\/em><\/p>\n","protected":false},"excerpt":{"rendered":"<p>I organized a seminar series titled &#8220;Melko yleist\u00e4 kielitiedett\u00e4&#8221; (&#8216;Fairly general linguistics&#8217;) or MYK with a number of colleagues at the University of Turku, School of Languages and Translation Studies, between 2013 and 2026. MYK was started by myself and [&hellip;]<\/p>\n","protected":false},"author":46,"featured_media":0,"parent":0,"menu_order":0,"comment_status":"closed","ping_status":"closed","template":"","meta":{"footnotes":""},"class_list":["post-66","page","type-page","status-publish","hentry"],"_links":{"self":[{"href":"https:\/\/users.utu.fi\/ahpmak\/wp-json\/wp\/v2\/pages\/66","targetHints":{"allow":["GET"]}}],"collection":[{"href":"https:\/\/users.utu.fi\/ahpmak\/wp-json\/wp\/v2\/pages"}],"about":[{"href":"https:\/\/users.utu.fi\/ahpmak\/wp-json\/wp\/v2\/types\/page"}],"author":[{"embeddable":true,"href":"https:\/\/users.utu.fi\/ahpmak\/wp-json\/wp\/v2\/users\/46"}],"replies":[{"embeddable":true,"href":"https:\/\/users.utu.fi\/ahpmak\/wp-json\/wp\/v2\/comments?post=66"}],"version-history":[{"count":31,"href":"https:\/\/users.utu.fi\/ahpmak\/wp-json\/wp\/v2\/pages\/66\/revisions"}],"predecessor-version":[{"id":809,"href":"https:\/\/users.utu.fi\/ahpmak\/wp-json\/wp\/v2\/pages\/66\/revisions\/809"}],"wp:attachment":[{"href":"https:\/\/users.utu.fi\/ahpmak\/wp-json\/wp\/v2\/media?parent=66"}],"curies":[{"name":"wp","href":"https:\/\/api.w.org\/{rel}","templated":true}]}}