{"id":485,"date":"2018-11-14T20:56:30","date_gmt":"2018-11-14T20:56:30","guid":{"rendered":"http:\/\/users.utu.fi\/jarsjo\/?page_id=485"},"modified":"2024-09-03T11:55:22","modified_gmt":"2024-09-03T09:55:22","slug":"485-2","status":"publish","type":"page","link":"https:\/\/users.utu.fi\/jarsjo\/","title":{"rendered":"Tietoja"},"content":{"rendered":"<p><img loading=\"lazy\" decoding=\"async\" class=\"alignleft wp-image-858 size-thumbnail\" src=\"https:\/\/users.utu.fi\/jarsjo\/wp-content\/uploads\/sites\/210\/2021\/05\/JariS_nelio-150x150.png\" alt=\"\" width=\"150\" height=\"150\" srcset=\"https:\/\/users.utu.fi\/jarsjo\/wp-content\/uploads\/sites\/210\/2021\/05\/JariS_nelio-150x150.png 150w, https:\/\/users.utu.fi\/jarsjo\/wp-content\/uploads\/sites\/210\/2021\/05\/JariS_nelio-300x300.png 300w, https:\/\/users.utu.fi\/jarsjo\/wp-content\/uploads\/sites\/210\/2021\/05\/JariS_nelio-1024x1024.png 1024w, https:\/\/users.utu.fi\/jarsjo\/wp-content\/uploads\/sites\/210\/2021\/05\/JariS_nelio-768x768.png 768w, https:\/\/users.utu.fi\/jarsjo\/wp-content\/uploads\/sites\/210\/2021\/05\/JariS_nelio.png 1075w\" sizes=\"auto, (max-width: 150px) 100vw, 150px\" \/>Toimin 1.9.2024 alkaen <em>kehitt\u00e4misasiantuntijana<\/em> <a href=\"https:\/\/sites.utu.fi\/tnk\/\">Turun normaalikoulussa<\/a>. Toimenkuvaani kuuluu mm. tieto- ja viestint\u00e4tekniikan opetusk\u00e4yt\u00f6n sek\u00e4 verkkoviestinn\u00e4n kehitt\u00e4minen, suunnittelu ja tuki. Olen my\u00f6s mukana Turun normaalikoulun digipedagogiikkaan liittyviss\u00e4 kehityshankkeissa.<\/p>\n<h3>Avainsanoja<\/h3>\n<ul>\n<li>digipedagogiikka, oppimisymp\u00e4rist\u00f6t, opetusteknologia, tieto- ja viestint\u00e4tekniikan opetusk\u00e4ytt\u00f6, et\u00e4opetus, verkko-opetus, tvt-strategia, sosiaalinen media, hybridioppiminen, hybridiopetus, webinaaripedagogiikka, mobiilivideot.<\/li>\n<\/ul>\n<h3>T\u00e4ll\u00e4 hetkell\u00e4 ty\u00f6skentelen erityisesti n\u00e4iden parissa:<\/h3>\n<ul>\n<li>Digitaalisten oppimisymp\u00e4rist\u00f6jen ja opetuksen ja oppimisen vuorovaikutusta tukevien ty\u00f6v\u00e4lineiden kehitt\u00e4minen<\/li>\n<li>Osallistuminen Turun normaalikoulun ja Suomen harjoittelukouluverkoston <a href=\"https:\/\/fclab.fi\">FCLab.fi<\/a> (Future Classroom Lab) -hankkeen toimintaan<\/li>\n<li>Microsoftin pilvipalveluiden opetusk\u00e4ytt\u00f6, erityisesti MS Teams, Whiteboard ym.<\/li>\n<li>Applen laitteiden (erityisesti iPadien) ja sovellusten opetusk\u00e4ytt\u00f6<\/li>\n<li>Osallistuminen Turun normaalikoulun muuton yliopistokampukselle suunnitteluun<\/li>\n<\/ul>\n<h3>Yhteystiedot<\/h3>\n<p>Jari Sj\u00f6lund<br \/>\nTurun normaalikoulu<br \/>\nAnnikanpolo 9, 20610 Turku<br \/>\npuh. +358 43 8220274<br \/>\njari.sjolund@utu.fi<\/p>\n<p>Ty\u00f6piste:\u00a0Calonia, 2 krs, huone 2004<\/p>\n<hr \/>\n<p><a class=\"twitter-timeline\" href=\"https:\/\/twitter.com\/jarsjo?ref_src=twsrc%5Etfw\">Tweets by jarsjo<\/a><\/p>\n\n<div class=\"twitter-share\"><a href=\"https:\/\/twitter.com\/intent\/tweet?via=jarsjo\" class=\"twitter-share-button\">Twiittaa<\/a><\/div>\n","protected":false},"excerpt":{"rendered":"<p>Toimin 1.9.2024 alkaen kehitt\u00e4misasiantuntijana Turun normaalikoulussa. Toimenkuvaani kuuluu mm. tieto- ja viestint\u00e4tekniikan opetusk\u00e4yt\u00f6n sek\u00e4 verkkoviestinn\u00e4n kehitt\u00e4minen, suunnittelu ja tuki. Olen my\u00f6s mukana Turun normaalikoulun digipedagogiikkaan liittyviss\u00e4 kehityshankkeissa. Avainsanoja digipedagogiikka, oppimisymp\u00e4rist\u00f6t, opetusteknologia, tieto- ja viestint\u00e4tekniikan opetusk\u00e4ytt\u00f6, et\u00e4opetus, verkko-opetus, tvt-strategia, sosiaalinen media, hybridioppiminen, hybridiopetus, webinaaripedagogiikka, mobiilivideot. T\u00e4ll\u00e4 hetkell\u00e4 ty\u00f6skentelen erityisesti n\u00e4iden parissa: Digitaalisten oppimisymp\u00e4rist\u00f6jen ja opetuksen ja [&hellip;]<\/p>\n","protected":false},"author":453,"featured_media":0,"parent":0,"menu_order":0,"comment_status":"closed","ping_status":"closed","template":"","meta":{"footnotes":""},"class_list":["post-485","page","type-page","status-publish","hentry"],"_links":{"self":[{"href":"https:\/\/users.utu.fi\/jarsjo\/wp-json\/wp\/v2\/pages\/485","targetHints":{"allow":["GET"]}}],"collection":[{"href":"https:\/\/users.utu.fi\/jarsjo\/wp-json\/wp\/v2\/pages"}],"about":[{"href":"https:\/\/users.utu.fi\/jarsjo\/wp-json\/wp\/v2\/types\/page"}],"author":[{"embeddable":true,"href":"https:\/\/users.utu.fi\/jarsjo\/wp-json\/wp\/v2\/users\/453"}],"replies":[{"embeddable":true,"href":"https:\/\/users.utu.fi\/jarsjo\/wp-json\/wp\/v2\/comments?post=485"}],"version-history":[{"count":33,"href":"https:\/\/users.utu.fi\/jarsjo\/wp-json\/wp\/v2\/pages\/485\/revisions"}],"predecessor-version":[{"id":875,"href":"https:\/\/users.utu.fi\/jarsjo\/wp-json\/wp\/v2\/pages\/485\/revisions\/875"}],"wp:attachment":[{"href":"https:\/\/users.utu.fi\/jarsjo\/wp-json\/wp\/v2\/media?parent=485"}],"curies":[{"name":"wp","href":"https:\/\/api.w.org\/{rel}","templated":true}]}}