{"id":69,"date":"2016-03-02T08:22:59","date_gmt":"2016-03-02T08:22:59","guid":{"rendered":"http:\/\/users.utu.fi\/jpsino\/?page_id=69"},"modified":"2019-10-31T13:35:29","modified_gmt":"2019-10-31T13:35:29","slug":"about","status":"publish","type":"page","link":"https:\/\/users.utu.fi\/jpsino\/sample-page\/about\/","title":{"rendered":"About"},"content":{"rendered":"<p><strong>Current post:<\/strong><\/p>\n<p>University teacher (2019-2020)<\/p>\n<p><strong>Previous posts:<\/strong><\/p>\n<p>Researcher, grantee (2016-2019; Finnish Cultural Foundation).<\/p>\n<p>Several short-term posts in grant application writing (e.g., ERC advanced grant applications of prof. Joseph Almog) and teaching (e.g. Philosophical Methodology in University of Eastern Finland, fall 2019).<\/p>\n<p><strong>Degrees:<\/strong><\/p>\n<p>PhD 2016: University of Turku<\/p>\n<p>MSSc 2011: University of Turku<\/p>\n<p>BSSc 2010: University of Turku<\/p>\n<p><strong>Dissertation<\/strong> (2016): <em>Descartes&#8217; Metaphysics of Thinking<\/em> (Public Defense 20.2.2016; Opponent: Professeur Denis Kambouchner, Universit\u00e9 Paris 1 Panth\u00e9on-Sorbonne; Reviewed by Professor John Carriero, UCLA, and Denis Kambouchner.)<\/p>\n<p><strong>Master\u2019s Thesis <\/strong>(2011): <em>Kaksi kielifilosofia: Locke ja Kripke. Kielifilosofinen tutkielma merkityksest\u00e4 ja viittaamisesta <\/em>(Two Philosophers of Language: Locke and Kripke. A Study in Philosophy of Language on Meaning and Reference).<\/p>\n<p><strong>Bachelor\u2019s Thesis<\/strong> (2010): <em>Donald Davidsonin lainauksen demonstratiiviteoria<\/em> (Donald Davidson\u2019s Demonstrative Theory of Quotation).<\/p>\n<p><strong>Grants:<\/strong><\/p>\n<p>Postdoc Project on <em>Descartes&#8217; Metaphysics and Natural Sciences<\/em>, 2016 &#8211; 2019, <span style=\"text-decoration: underline\"><a href=\"https:\/\/skr.fi\/en\">Finnish Cultural Foundation<\/a><\/span>.<\/p>\n<p>Full-time PhD candidate position, 2014-2016, <span style=\"text-decoration: underline\"><a href=\"http:\/\/www.uta.fi\/yky\/en\/studies\/disciplines\/philosophy\/doctoral_programme.html\">Finnish Doctoral Programme of Philosophy<\/a><\/span>.<\/p>\n<p>Doctoral Research, 2013,\u00a0 Finnish Cultural Foundation.<\/p>\n<p>Doctoral Research, 2012, Finnish Cultural Foundation, <span style=\"text-decoration: underline\"><a href=\"https:\/\/skr.fi\/en\/finnish-cultural-foundation\/regional-funds\/varsinais-suomi-regional-fund\">Varsinais-Suomi Regional Fund<\/a><\/span>.<\/p>\n<p>Doctoral Research, 2012, University of Turku, Department of Behavioural Sciences and Philosophy.<\/p>\n<p>Doctoral Research, 2011, <span style=\"text-decoration: underline\"><a href=\"https:\/\/www.utu.fi\/fi\/yksikot\/yliopistosaatio\/en\/Sivut\/home.aspx\">Turku University Foundation<\/a><\/span>.<\/p>\n<p>Stipend for Outstanding student, 2011, August and Aleksandra Lundell Scholarship Fund.<\/p>\n<p><strong>Selected Presentations:<\/strong><\/p>\n<p>&#8221;Asuuko meiss\u00e4 kaikissa pieni rasisti?&#8221; A presentation about racism and implicit bias; <a href=\"https:\/\/tem.fi\/en\/frontpage\">Ministry of Economic Affairs and Employment of Finland<\/a>, Helsinki, 27.5.2019.<\/p>\n<p>\u201cMind-body Problem and Mind-Body Concepts\u201d. <a href=\"https:\/\/ideasquare-dev.web.cern.ch\/\">CERN IdeaSquare<\/a>, Geneva 9.3.2018.<\/p>\n<p>\u201cDescartes on Interaction and Sensation\u201d. A miniworkshop with Hanoch Ben-Yami, University of Helsinki 5.10.2017.<\/p>\n<p>\u201cDescartes on Interaction and Sensation\u201d. One day workshop with John Carriero, University of Turku 12.9.2017.<\/p>\n<p>\u201cDescartes on Qualia\u201d. Research Seminar, University of Jyv\u00e4skyl\u00e4, Finland. 6.4.2017.<\/p>\n<p>\u201cMuutamia huomioita rasismin k\u00e4sitteest\u00e4\u201d. (Some remarks on the concept of \u2018racism\u2019). Philosophical Society of Finland, Helsinki, Finland. 29.3.2017.<\/p>\n<p><em>Authors meet the critics<\/em>. Comments on Calvin Normore\u2019s and Deborah Brown\u2019s manuscript \u201cDescartes\u2019 Ontology of Everyday Life\u201d. University of Jyv\u00e4skyl\u00e4 14.6.2017.<\/p>\n<p>\u201cDescartes\u2019 Metaphysics of Thinking\u201d. Research Seminar, University of Tampere, Finland. 7.4.2016.<\/p>\n<p>Toward a Science of Consciousness, June 2015, Helsinki: <em>Lessons from Descartes&#8217; Sensory Dualism <\/em>(in symposium <em>Early Modern Roots of Consciousness<\/em> with <span style=\"text-decoration: underline\"><a href=\"https:\/\/helsinki.academia.edu\/ViliLahteenmaki\">Vili L\u00e4hteenm\u00e4ki<\/a><\/span> and <span style=\"text-decoration: underline\"><a href=\"https:\/\/uta-fi.academia.edu\/JaniHakkarainen\">Jani Hakkarainen<\/a><\/span>).<\/p>\n<p>Perception and Thinking In, By and Of Nature, University of Turku, May 2015: <em>Descartes\u2019 Metaphysics of Being\/Thinking<\/em> (with <span style=\"text-decoration: underline\"><a href=\"http:\/\/users.utu.fi\/josealm\/\">Joseph Almog<\/a><\/span>).<\/p>\n<p><span style=\"text-decoration: underline\"><a href=\"https:\/\/www.jyu.fi\/ytk\/laitokset\/yfi\/en\/research\/projects\/research-groups\/itep\/Current\/metaetmind\">Metaphysics and the Mind \u2013 Early Modern Views<\/a><\/span>, University of Jyv\u00e4skyl\u00e4, January 2014: <em>Descartes on Ideas<\/em>.<\/p>\n<p>The Second Arctic Circle Seminar in Early Modern Philosophy: Self. Kilpisj\u00e4rvi, Finland August 2013: Invited comments on presentation by <span style=\"text-decoration: underline\"><a href=\"https:\/\/www.philosophie.hu-berlin.de\/de\/lehrbereiche\/theorie\/mitarbeiter\/schmid\">Stephan Schmid<\/a><\/span>: &#8221;Malebranche on the Self and Its Will&#8221;.<\/p>\n<p>Nordic Workshop for Early Modern Philosophy, University of Oslo, August 2012:<em> Locke on Perception.<\/em><\/p>\n<p><strong>Selected Teaching:<\/strong><\/p>\n<p>Philosophical Methodology, <a href=\"https:\/\/www.uef.fi\/etusivu\">University of Eastern Finland<\/a>, Fall 2019.<\/p>\n<p>Conceptions of Society and Critical Thinking (General studies course <span class=\"oppiaine\"> at the Faculty of Social Sciences), University of Turku, Spring 2018, 2019, 2020.<\/span><\/p>\n<p>Argumentation Theory II (for advanced philosophy students), University of Turku, Fall 2017.<\/p>\n<p><span style=\"text-decoration: underline\"><a href=\"https:\/\/blogit.utu.fi\/filosofia\/2016\/01\/27\/course-descartes-what-holds-everything-together-infinite-reality-and-causality-spring-2016\/\">Descartes &amp; What Holds Everything Together: Infinite Reality and Causality<\/a><\/span> (with Joseph Almog) University of Turku, Spring 2016.<\/p>\n<p>Descartes&#8217; Philosophy of Perception, University of Turku, Spring 2015.<\/p>\n<p>History of Philosophy II &#8211; Locke &amp; Hume, University of Turku, 2013.<\/p>\n<p><strong>Publications:<\/strong><\/p>\n<p>Forthcoming: Rasismi (&#8221;racism&#8221;). An encyclopedia entry in <a href=\"https:\/\/filosofia.fi\/ensyklopedia\">Logos-online encyclopedia<\/a>.<\/p>\n<p>Forthcoming: \u201cKomputationalismi, eksternalismi ja Descartesin \u2019objektiivinen realiteetti\u2019\u201d (\u201cComputationalism, Externalism, and Descartes\u2019 \u2019objective reality\u2019\u201d) <em>Ajatus 76<\/em>.<\/p>\n<p>\u201cDescartes ja havainto\u201d (Descartes and Perception). <em>Proceedings of Philosophical Society of Finland<\/em>, one word Colloquium \u201cHavainto\u201d. Philosophical Society of Finland. 2018.<\/p>\n<p>\u201cAistimukset ja interaktionismi: Aistimukset mielen ja ruumiin yhteen nivojina Descartesin ontologiassa\u201d (Sensations and interactionism: Sensations as the binders of mind and body in Descartes\u2019 ontology). <a href=\"https:\/\/www.netn.fi\/artikkeli\/aistimukset-ja-interaktionismi-mielen-ja-ruumiin-vuorovaikutus-descartesin-ontologiassa\"><em>niin &amp; n\u00e4in<\/em> 3\/17.<\/a><\/p>\n<p>\u201cRasismi ja k\u00e4sitenihilismi\u201d (Racism and Conceptual Nihilism\u201d) <a href=\"https:\/\/journal.fi\/ajatus\"><em>Ajatus<\/em> 74, Philosophical Society of Finland, 2017.<\/a><\/p>\n<p><em>Rasismi ja filosofia<\/em> (ed.) 2017,<a href=\"https:\/\/eetos.org\/2017\/01\/08\/eetos-18\/\"> Eetos-julkaisuja 18, Turku: Eetos ry.<\/a><\/p>\n<p>&#8221;Johdanto&#8221; in<em> Rasismi ja filosofia<\/em>, 11 &#8211; 36.<\/p>\n<p>&#8221;Rasismi ja moraalinen sokeus&#8221; in <em>Rasismi ja filosofia<\/em>, 37 &#8211; 58.<\/p>\n<p>&#8221;Rasismin m\u00e4\u00e4ritelm\u00e4&#8221; in <em>Rasismi ja filosofia<\/em>, 273 &#8211; 290.<\/p>\n<p><span style=\"text-decoration: underline\"><em><a href=\"https:\/\/www.academia.edu\/s\/609b709a2c\">Why Things Matter: Camus\u2019 Meursault and Descartes\u2019 Causal Principle<\/a><\/em><\/span>, 2016.<\/p>\n<p>\u201cLectio praecursoria.\u201d <em>Ajatus <\/em>73. 2016. Helsinki: Philosophical Society of Finland.<\/p>\n<p>Descartes&#8217; Metaphysics of Thinking (Doctoral Dissertation), 2016, Reports from the Department of Philosophy, University of Turku. <span style=\"text-decoration: underline\"><a href=\"http:\/\/www.utu.fi\/fi\/Ajankohtaista\/mediatiedotteet\/vaitostiedotteet\/Sivut\/Vaittelija-haastaa-nykynakemyksen-Descartesista-.aspx\">Press release<\/a><\/span> (in Finnish).<\/p>\n<p>\u201cLocke, John\u201d. Logos-online encyclopedia. Syrj\u00e4m\u00e4ki, Sami, Kannisto, Toni &amp; J\u00e4rvilehto, Lauri (eds.). European Philosophy Club. 2013. URL: <a href=\"http:\/\/filosofia.fi\/ensyklopedia\">http:\/\/filosofia.fi\/ensyklopedia<\/a><\/p>\n<p><strong>Other writings:<\/strong><\/p>\n<p>\u201cSuomalaisen ymp\u00e4rist\u00f6vastuu?\u201d (\u201cFinns\u2019 responsibility about the environment?\u201d) Scientific column, <a href=\"https:\/\/www.ts.fi\/mielipiteet\/aliot\/4570057\/Suomalaisen+ymparistovastuu\"><em>Turun Sanomat <\/em>14.5.2019<\/a>.<\/p>\n<p>\u201dTyperyyden noidankeh\u00e4\u201d (\u201dThe vicious circle of stupidity\u201d), Scientific column, <a href=\"https:\/\/www.ts.fi\/mielipiteet\/aliot\/4520047\/Alio+Typeryyden+noidankeha\"><em>Turun Sanomat<\/em> 25.3.2019<\/a>.<\/p>\n<p>\u201dUlkomaalaisten tekem\u00e4t seksuaalirikokset maahanmuuttopoliittisina perusteluina\u201d. (\u201cSexual offenses of foreigners as grounds for immigration policies\u201d.) <a href=\"https:\/\/blogit.utu.fi\/utu\/2019\/03\/19\/ulkomaalaisten-tekemat-seksuaalirikokset-maahanmuuttopoliittisina-perusteluina\/\"><em>University of Turku blog.<\/em> 19.3.2019.<\/a><\/p>\n<p>\u201cSananvapaus on ehj\u00e4\u201d. (\u201dThe freedom of speech is intact\u201d.) Scientific column, <a href=\"https:\/\/www.ts.fi\/mielipiteet\/aliot\/4163729\/Sananvapaus+on+ehja\"><em>Turun Sanomat <\/em>23.11.28<\/a>.<\/p>\n<p>Commentary article \u201cRasismilla on kauaskantoiset seuraukset yhteiskunnassa\u201d (\u201dRacism has longterm consequences in the society\u201d) on Zacheus, Tuomas:<a href=\"https:\/\/www.versuslehti.fi\/tiededebatti\/koulurasismin-monet-kasvot\/\"> \u201dKoulurasismin monet kasvot\u201d (\u201cThe many faces of racism in schools\u201d) in <em>Versus <\/em><\/a>(a magazine popularizing scientific research) 2.5.2018.<\/p>\n<p>\u201cVihapuheen viha ja seuraukset\u201d (\u201cThe hate in hatespeech and its consequences.\u201d) Scientific column, <a href=\"http:\/\/www.ts.fi\/mielipiteet\/aliot\/3884526\/Vihapuheen+viha+ja+seuraukset\"><em>Turun Sanomat<\/em>. 24.3.2018.<\/a><\/p>\n<p>\u201cVanhemmuus on l\u00f6yt\u00f6retki, ei opasmatka\u201d. (\u201dParenthood is a journey of exploration, not a package holiday\u201d) Scientific column, <a href=\"http:\/\/www.ts.fi\/mielipiteet\/aliot\/3771627\/Vanhemmuus+on+loytoretki+ei+opasmatka\"><em>Turun Sanomat<\/em>. 19.12.2017<\/a><\/p>\n<p>\u201cVihan 9\/10\u201d. (9\/10 of Hate). Column, <a href=\"http:\/\/www.auroralehti.fi\/vihan-910\/\"><em>Aurora<\/em> 3\/2017<\/a>.<\/p>\n<p>\u201cPelko on avain valtaan\u201d. (Fear is the key to power.) Scientific column, <a href=\"http:\/\/www.ts.fi\/mielipiteet\/aliot\/3625641\/Pelko+on+avain+valtaan\"><em>Turun Sanomat<\/em>. 23.8.2017<\/a>.<\/p>\n<p>\u201cFilosofian opiskelu parantaisi oppimistuloksia.\u201d (Studying philosophy would improve learning results.\u201d) Letter to the editor, <a href=\"https:\/\/www.hs.fi\/paivanlehti\/10022017\/art-2000005081397.html\"><em>Helsingin Sanomat <\/em>10.2.2017<\/a>.<\/p>\n<p>\u201cFilosofia parantaisi oppimistuloksia.\u201d (\u201cPhilosophy can improve learning.\u201d) Letter to the editor, <a href=\"https:\/\/www.aamulehti.fi\/ihmiset\/mielipide-filosofia-parantaisi-oppimistuloksia-24219410\/\"><em>Aamulehti<\/em> 20.1.2017<\/a><\/p>\n<p>\u201dRasismi h\u00e4ivytt\u00e4\u00e4 yksil\u00f6n\u201d (\u201dRacism fades out the individual\u201d). Scientific column, <a href=\"http:\/\/www.ts.fi\/mielipiteet\/aliot\/3162292\/Rasismi+haivyttaa+yksilon\"><em>Turun Sanomat<\/em> 17.1.2017.<\/a><\/p>\n<p class=\"article-title\"><a href=\"http:\/\/www.hs.fi\/paakirjoitukset\/art-2000004894077.html\">Is\u00e4nmaallisuutta tarvitaan arvotyhji\u00f6n t\u00e4ytt\u00e4j\u00e4ksi<\/a>.Scientific column, <em>Helsingin Sanomat<\/em> 5.12.2016.<\/p>\n<p class=\"otsikko\"><a href=\"http:\/\/www.ts.fi\/mielipiteet\/lukijoilta\/818284\/Suomalaisen+filosofian+taso+kova\">Suomalaisen filosofian taso kova<\/a>. Letter to the editor, a reply to Kari Salminen, <em>Turun Sanomat<\/em> 29.9.2015.<\/p>\n","protected":false},"excerpt":{"rendered":"<p>Current post: University teacher (2019-2020) Previous posts: Researcher, grantee (2016-2019; Finnish Cultural Foundation). Several short-term posts in grant application writing (e.g., ERC advanced grant applications of prof. Joseph Almog) and teaching (e.g. Philosophical Methodology in University of Eastern Finland, fall [&hellip;]<\/p>\n","protected":false},"author":12,"featured_media":0,"parent":6,"menu_order":2,"comment_status":"closed","ping_status":"closed","template":"","meta":{"footnotes":""},"class_list":["post-69","page","type-page","status-publish","hentry"],"_links":{"self":[{"href":"https:\/\/users.utu.fi\/jpsino\/wp-json\/wp\/v2\/pages\/69","targetHints":{"allow":["GET"]}}],"collection":[{"href":"https:\/\/users.utu.fi\/jpsino\/wp-json\/wp\/v2\/pages"}],"about":[{"href":"https:\/\/users.utu.fi\/jpsino\/wp-json\/wp\/v2\/types\/page"}],"author":[{"embeddable":true,"href":"https:\/\/users.utu.fi\/jpsino\/wp-json\/wp\/v2\/users\/12"}],"replies":[{"embeddable":true,"href":"https:\/\/users.utu.fi\/jpsino\/wp-json\/wp\/v2\/comments?post=69"}],"version-history":[{"count":17,"href":"https:\/\/users.utu.fi\/jpsino\/wp-json\/wp\/v2\/pages\/69\/revisions"}],"predecessor-version":[{"id":233,"href":"https:\/\/users.utu.fi\/jpsino\/wp-json\/wp\/v2\/pages\/69\/revisions\/233"}],"up":[{"embeddable":true,"href":"https:\/\/users.utu.fi\/jpsino\/wp-json\/wp\/v2\/pages\/6"}],"wp:attachment":[{"href":"https:\/\/users.utu.fi\/jpsino\/wp-json\/wp\/v2\/media?parent=69"}],"curies":[{"name":"wp","href":"https:\/\/api.w.org\/{rel}","templated":true}]}}