{"id":2,"date":"2023-03-08T10:10:37","date_gmt":"2023-03-08T08:10:37","guid":{"rendered":"https:\/\/users.utu.fi\/kakype\/?page_id=2"},"modified":"2023-03-09T17:31:20","modified_gmt":"2023-03-09T15:31:20","slug":"about","status":"publish","type":"page","link":"https:\/\/users.utu.fi\/kakype\/about\/","title":{"rendered":"About me"},"content":{"rendered":"<h3><img loading=\"lazy\" decoding=\"async\" class=\"alignnone wp-image-90\" src=\"https:\/\/users.utu.fi\/kakype\/wp-content\/uploads\/sites\/1396\/2023\/03\/Katariina-300x300.jpg\" alt=\"\" width=\"356\" height=\"356\" srcset=\"https:\/\/users.utu.fi\/kakype\/wp-content\/uploads\/sites\/1396\/2023\/03\/Katariina-300x300.jpg 300w, https:\/\/users.utu.fi\/kakype\/wp-content\/uploads\/sites\/1396\/2023\/03\/Katariina-150x150.jpg 150w, https:\/\/users.utu.fi\/kakype\/wp-content\/uploads\/sites\/1396\/2023\/03\/Katariina-510x510.jpg 510w, https:\/\/users.utu.fi\/kakype\/wp-content\/uploads\/sites\/1396\/2023\/03\/Katariina.jpg 640w\" sizes=\"auto, (max-width: 356px) 100vw, 356px\" \/><\/h3>\n<h3>Biography<\/h3>\n<p>I was born in August 1992 and spent my childhood in the small town of Raisio. My family consists of father, mother and a younger brother. Ever since I was a small child, I have been curious and interested in understanding my surroundings. My parents probably got frustrated when I kept asking questions. I also enjoyed reading various science magazines aimed at the general population. In addition to my interest in science, I also enjoyed competitive swimming until I was 13 years old. My highest achievement was the Finnish championship in the 200 meter individual medley and I set several Finnish records that have probably already been broken.<\/p>\n<div id='gallery-1' class='czr-gallery row flex-row czr-gallery-style gallery galleryid-2 gallery-columns-2 gallery-size-thumbnail'><figure class='gallery-item col col-auto'>\r\n                        <div class='gallery-icon landscape czr-gallery-icon'>\r\n                              <a href=https:\/\/users.utu.fi\/kakype\/about\/20230309_155644\/ class=\"bg-link\"><\/a><img loading=\"lazy\" decoding=\"async\" width=\"150\" height=\"150\" src=\"https:\/\/users.utu.fi\/kakype\/wp-content\/uploads\/sites\/1396\/2023\/03\/20230309_155644-150x150.jpg\" class=\"attachment-thumbnail size-thumbnail\" alt=\"\" sizes=\"auto, (min-width: 1200px) 540px, (min-width: 992px) 450px, (min-width: 768px) 330px, (min-width: 576px) 240px, calc( 50vw - 30px )\" aria-describedby=\"gallery-1-81\" srcset=\"https:\/\/users.utu.fi\/kakype\/wp-content\/uploads\/sites\/1396\/2023\/03\/20230309_155644-150x150.jpg 150w, https:\/\/users.utu.fi\/kakype\/wp-content\/uploads\/sites\/1396\/2023\/03\/20230309_155644-510x510.jpg 510w\" \/><div class=\"post-action btn btn-skin-dark-shaded inverted\"><a href=\"https:\/\/users.utu.fi\/kakype\/wp-content\/uploads\/sites\/1396\/2023\/03\/20230309_155644-scaled.jpg\" class=\"icn-expand\" data-lb-type=\"grouped-gallery\" title=\"An article about Raisio swimmers from 2003 published in a local newspaper. I am in the middle of the back row.\"><\/a><\/div>\r\n                        <\/div>\r\n                              <figcaption class='wp-caption-text gallery-caption' id='gallery-1-81'>\r\n                              An article about Raisio swimmers from 2003 published in a local newspaper. I am in the middle of the back row.\r\n                              <\/figcaption><\/figure><figure class='gallery-item col col-auto'>\r\n                        <div class='gallery-icon landscape czr-gallery-icon'>\r\n                              <a href=https:\/\/users.utu.fi\/kakype\/about\/20230309_155734\/ class=\"bg-link\"><\/a><img loading=\"lazy\" decoding=\"async\" width=\"150\" height=\"150\" src=\"https:\/\/users.utu.fi\/kakype\/wp-content\/uploads\/sites\/1396\/2023\/03\/20230309_155734-150x150.jpg\" class=\"attachment-thumbnail size-thumbnail\" alt=\"\" sizes=\"auto, (min-width: 1200px) 540px, (min-width: 992px) 450px, (min-width: 768px) 330px, (min-width: 576px) 240px, calc( 50vw - 30px )\" aria-describedby=\"gallery-1-82\" srcset=\"https:\/\/users.utu.fi\/kakype\/wp-content\/uploads\/sites\/1396\/2023\/03\/20230309_155734-150x150.jpg 150w, https:\/\/users.utu.fi\/kakype\/wp-content\/uploads\/sites\/1396\/2023\/03\/20230309_155734-510x510.jpg 510w\" \/><div class=\"post-action btn btn-skin-dark-shaded inverted\"><a href=\"https:\/\/users.utu.fi\/kakype\/wp-content\/uploads\/sites\/1396\/2023\/03\/20230309_155734.jpg\" class=\"icn-expand\" data-lb-type=\"grouped-gallery\" title=\"List of Finnish Champions in 2003 in the local newspaper. My name is in the column on the right.\"><\/a><\/div>\r\n                        <\/div>\r\n                              <figcaption class='wp-caption-text gallery-caption' id='gallery-1-82'>\r\n                              List of Finnish Champions in 2003 in the local newspaper. My name is in the column on the right.\r\n                              <\/figcaption><\/figure>\r\n                  <\/div>\n\n<p>I graduated from Turku Classical high school in 2011 and spent five gap years before I started studying statistics at the University of Turku in 2016. In the intervening years, I worked in various fields and applied to study psychology, but without success. In fact, I was originally supposed to study statistics for just one year and reapply for psychology in spring 2017, but I decided to stay with statistics. At the beginning of my studies, I imagined the job of a statistician to be lonely and boring, sitting in front of a computer in a dark closet, but when it dawned on me how many fields and interdisciplinary groups a statistician can work in, I became more interested in the field. In addition, I&#8217;ve always liked problem solving and with my studies I also got excited about programming, so the field started to feel like my own.<\/p>\n<figure id=\"attachment_83\" aria-describedby=\"caption-attachment-83\" style=\"width: 554px\" class=\"wp-caption aligncenter\"><img loading=\"lazy\" decoding=\"async\" class=\"wp-image-83\" src=\"https:\/\/users.utu.fi\/kakype\/wp-content\/uploads\/sites\/1396\/2023\/03\/Screenshot_20230309_161242_Instagram-300x300.jpg\" alt=\"\" width=\"554\" height=\"554\" srcset=\"https:\/\/users.utu.fi\/kakype\/wp-content\/uploads\/sites\/1396\/2023\/03\/Screenshot_20230309_161242_Instagram-300x300.jpg 300w, https:\/\/users.utu.fi\/kakype\/wp-content\/uploads\/sites\/1396\/2023\/03\/Screenshot_20230309_161242_Instagram-150x150.jpg 150w, https:\/\/users.utu.fi\/kakype\/wp-content\/uploads\/sites\/1396\/2023\/03\/Screenshot_20230309_161242_Instagram-510x510.jpg 510w\" sizes=\"auto, (max-width: 554px) 100vw, 554px\" \/><figcaption id=\"caption-attachment-83\" class=\"wp-caption-text\">Studying and writing my bachelor&#8217;s thesis in August 2018.<\/figcaption><\/figure>\n<p>While working as a biostatistician at <a href=\"https:\/\/www.auria.fi\/tietopalvelu\/en\/index.html\">Auria Clinical Informatics<\/a> (June 2019 to December 2022), a department of Turku University Hospital, I got interested in data privacy, data anonymization and the potential of synthetic data. I graduated with a master&#8217;s degree in science in December 2020 and in my master&#8217;s thesis, <em>&#8220;<a href=\"https:\/\/www.utupub.fi\/handle\/10024\/151045\">Generating Synthetic Longitudinal Patient Data with the PrivBayes Method<\/a>&#8220;,<\/em> I generated\u00a0synthetic longitudinal patient data with Bayesian networks from real patient data retrieved from the database of the Hospital District of\u00a0Southwest Finland.\u00a0I decided to continue with the topic and I am currently working on my dissertation <em>&#8220;Methods for generating and evaluating synthetic longitudinal patient data<\/em>&#8221; at the Department of Mathematics and Statistics at the University of Turku.<\/p>\n<h3>Hobbies and free time<\/h3>\n<p>After my swimming career, it took many years before I got excited to do sports again. In 2012, I started going to the gym and it wasn&#8217;t long before I decided to compete in powerlifting. I competed in the competitions under the International Powerlifting Federation and in 2015 I won the Finnish bench press championship and powerlifting silver in my age and weight class. However, with my university studies, I stopped competing, but I still go to the gym regularly and enjoy lifting heavy weights. I have also thought about returning to the competition stages, if there is a separate class for graduate students.<\/p>\n<p>&nbsp;<\/p>\n<figure id=\"attachment_79\" aria-describedby=\"caption-attachment-79\" style=\"width: 690px\" class=\"wp-caption aligncenter\"><img loading=\"lazy\" decoding=\"async\" class=\"wp-image-79 \" src=\"https:\/\/users.utu.fi\/kakype\/wp-content\/uploads\/sites\/1396\/2023\/03\/1974300_781053255292928_2063279211088503210_o-1024x683.jpg\" alt=\"\" width=\"690\" height=\"460\" \/><figcaption id=\"caption-attachment-79\" class=\"wp-caption-text\">Me getting ready to lift and my friend&#8217;s dad psyching me up.<\/figcaption><\/figure>\n<p>In 2019, I got excited about hiking after watching the movie Wild, where the main character hikes the Pacific Crest Trail (PCT) on the west coast of the United States. For some reason, I became fixated <span class=\"b db\">with the<\/span> PCT and I decided that I&#8217;m going to hike it in 2022 when I turn 30. To prepare for the PCT, I did two longer hikes: one in 2020 and the other in 2021. On both hikes I hiked approx. 600 kilometers (370 mi), 2020 in Eastern Finland and 2021 in Lapland, visiting different wilderness areas (P\u00f6yrisj\u00e4rvi, Lemmenjoki, Kevo Strict Nature Reserve, Kaldoaivi, V\u00e4ts\u00e4ri, Tsarmitunturi and Urho Kekkonen National Park). I also made videos of my hikes on <a href=\"https:\/\/www.youtube.com\/channel\/UCtuSVlea3mQtl3sL3isC-cQ\">YouTube<\/a>, which I still do if I have time and energy left after my research.<\/p>\n<p>On April 15, 2022, I touched the southern terminus of the PCT, starting a hike of more than 150 days towards the Canadian border, which I finally reached on September 27, 2022, hiking over 4 200 kilometers (2 600 mi). Hiking the PCT is one of the absolute highlights of my life so far, and I hope that in the future I can hike similar trails such as the Continental Divide Trail (CDT), which is also located in the United States.<\/p>\n<div id='gallery-2' class='czr-gallery row flex-row czr-gallery-style gallery galleryid-2 gallery-columns-2 gallery-size-thumbnail'><figure class='gallery-item col col-auto'>\r\n                        <div class='gallery-icon landscape czr-gallery-icon'>\r\n                              <a href=https:\/\/users.utu.fi\/kakype\/about\/pct_south\/ class=\"bg-link\"><\/a><img loading=\"lazy\" decoding=\"async\" width=\"150\" height=\"150\" src=\"https:\/\/users.utu.fi\/kakype\/wp-content\/uploads\/sites\/1396\/2023\/03\/pct_south-150x150.jpg\" class=\"attachment-thumbnail size-thumbnail\" alt=\"\" sizes=\"auto, (min-width: 1200px) 540px, (min-width: 992px) 450px, (min-width: 768px) 330px, (min-width: 576px) 240px, calc( 50vw - 30px )\" aria-describedby=\"gallery-2-76\" srcset=\"https:\/\/users.utu.fi\/kakype\/wp-content\/uploads\/sites\/1396\/2023\/03\/pct_south-150x150.jpg 150w, https:\/\/users.utu.fi\/kakype\/wp-content\/uploads\/sites\/1396\/2023\/03\/pct_south-300x300.jpg 300w, https:\/\/users.utu.fi\/kakype\/wp-content\/uploads\/sites\/1396\/2023\/03\/pct_south-1024x1024.jpg 1024w, https:\/\/users.utu.fi\/kakype\/wp-content\/uploads\/sites\/1396\/2023\/03\/pct_south-768x768.jpg 768w, https:\/\/users.utu.fi\/kakype\/wp-content\/uploads\/sites\/1396\/2023\/03\/pct_south-1536x1536.jpg 1536w, https:\/\/users.utu.fi\/kakype\/wp-content\/uploads\/sites\/1396\/2023\/03\/pct_south-2048x2048.jpg 2048w, https:\/\/users.utu.fi\/kakype\/wp-content\/uploads\/sites\/1396\/2023\/03\/pct_south-510x510.jpg 510w\" \/><div class=\"post-action btn btn-skin-dark-shaded inverted\"><a href=\"https:\/\/users.utu.fi\/kakype\/wp-content\/uploads\/sites\/1396\/2023\/03\/pct_south.jpg\" class=\"icn-expand\" data-lb-type=\"grouped-gallery\" title=\"Me at the Southern Terminus of the Pacific Crest Trail in Campo, California on April 15, 2022.\"><\/a><\/div>\r\n                        <\/div>\r\n                              <figcaption class='wp-caption-text gallery-caption' id='gallery-2-76'>\r\n                              Me at the Southern Terminus of the Pacific Crest Trail in Campo, California on April 15, 2022.\r\n                              <\/figcaption><\/figure><figure class='gallery-item col col-auto'>\r\n                        <div class='gallery-icon landscape czr-gallery-icon'>\r\n                              <a href=https:\/\/users.utu.fi\/kakype\/about\/pct_north\/ class=\"bg-link\"><\/a><img loading=\"lazy\" decoding=\"async\" width=\"150\" height=\"150\" src=\"https:\/\/users.utu.fi\/kakype\/wp-content\/uploads\/sites\/1396\/2023\/03\/pct_north-150x150.jpg\" class=\"attachment-thumbnail size-thumbnail\" alt=\"\" sizes=\"auto, (min-width: 1200px) 540px, (min-width: 992px) 450px, (min-width: 768px) 330px, (min-width: 576px) 240px, calc( 50vw - 30px )\" aria-describedby=\"gallery-2-75\" srcset=\"https:\/\/users.utu.fi\/kakype\/wp-content\/uploads\/sites\/1396\/2023\/03\/pct_north-150x150.jpg 150w, https:\/\/users.utu.fi\/kakype\/wp-content\/uploads\/sites\/1396\/2023\/03\/pct_north-300x300.jpg 300w, https:\/\/users.utu.fi\/kakype\/wp-content\/uploads\/sites\/1396\/2023\/03\/pct_north-1024x1024.jpg 1024w, https:\/\/users.utu.fi\/kakype\/wp-content\/uploads\/sites\/1396\/2023\/03\/pct_north-768x768.jpg 768w, https:\/\/users.utu.fi\/kakype\/wp-content\/uploads\/sites\/1396\/2023\/03\/pct_north-1536x1536.jpg 1536w, https:\/\/users.utu.fi\/kakype\/wp-content\/uploads\/sites\/1396\/2023\/03\/pct_north-2048x2048.jpg 2048w, https:\/\/users.utu.fi\/kakype\/wp-content\/uploads\/sites\/1396\/2023\/03\/pct_north-510x510.jpg 510w\" \/><div class=\"post-action btn btn-skin-dark-shaded inverted\"><a href=\"https:\/\/users.utu.fi\/kakype\/wp-content\/uploads\/sites\/1396\/2023\/03\/pct_north-scaled.jpg\" class=\"icn-expand\" data-lb-type=\"grouped-gallery\" title=\"Me at the Northern Terminus of the Pacific Crest Trail on the U.S.\/Canada border, in Pasayten Wilderness, Washington on September 27, 2022.\"><\/a><\/div>\r\n                        <\/div>\r\n                              <figcaption class='wp-caption-text gallery-caption' id='gallery-2-75'>\r\n                              Me at the Northern Terminus of the Pacific Crest Trail on the U.S.\/Canada border, in Pasayten Wilderness, Washington on September 27, 2022.\r\n                              <\/figcaption><\/figure>\r\n                  <\/div>\n\n<p>I&#8217;m also interested in trail running, and because of my old swimming background, I&#8217;d also be interested in trying triathlon sometime in the future. So at the moment, I do a lot of sports and I enjoy the fact that I can do all kinds of things and I&#8217;m grateful for that. In addition to sports, I occasionally play board and computer games and am also interested in ceramics and cooking. In fact, after high school, I studied for a year to become a chef, but I quit after the first internship when I realized that the field was not for me.<\/p>\n<h3>Academic profile and achievements<\/h3>\n<p>My academic information and achievements (such as funding, invited positions and publications) can be found in <a href=\"https:\/\/orcid.org\/0000-0002-3812-0871\">ORCID<\/a>. More about my research can be found under <a href=\"https:\/\/users.utu.fi\/kakype\/research\/\">Research.<\/a><\/p>\n","protected":false},"excerpt":{"rendered":"<p>Biography I was born in August 1992 and spent my childhood in the small town of Raisio. My family consists of father, mother and a younger brother. Ever since I was a small child, I have been curious and interested in understanding my surroundings. My parents probably got frustrated when I kept asking questions. I [&hellip;]<\/p>\n","protected":false},"author":6700,"featured_media":0,"parent":0,"menu_order":0,"comment_status":"closed","ping_status":"open","template":"","meta":{"footnotes":""},"class_list":["post-2","page","type-page","status-publish","czr-hentry"],"_links":{"self":[{"href":"https:\/\/users.utu.fi\/kakype\/wp-json\/wp\/v2\/pages\/2","targetHints":{"allow":["GET"]}}],"collection":[{"href":"https:\/\/users.utu.fi\/kakype\/wp-json\/wp\/v2\/pages"}],"about":[{"href":"https:\/\/users.utu.fi\/kakype\/wp-json\/wp\/v2\/types\/page"}],"author":[{"embeddable":true,"href":"https:\/\/users.utu.fi\/kakype\/wp-json\/wp\/v2\/users\/6700"}],"replies":[{"embeddable":true,"href":"https:\/\/users.utu.fi\/kakype\/wp-json\/wp\/v2\/comments?post=2"}],"version-history":[{"count":38,"href":"https:\/\/users.utu.fi\/kakype\/wp-json\/wp\/v2\/pages\/2\/revisions"}],"predecessor-version":[{"id":109,"href":"https:\/\/users.utu.fi\/kakype\/wp-json\/wp\/v2\/pages\/2\/revisions\/109"}],"wp:attachment":[{"href":"https:\/\/users.utu.fi\/kakype\/wp-json\/wp\/v2\/media?parent=2"}],"curies":[{"name":"wp","href":"https:\/\/api.w.org\/{rel}","templated":true}]}}