{"id":102,"date":"2017-07-05T13:37:25","date_gmt":"2017-07-05T13:37:25","guid":{"rendered":"http:\/\/users.utu.fi\/mmmann\/?page_id=102"},"modified":"2017-07-05T15:12:52","modified_gmt":"2017-07-05T15:12:52","slug":"media","status":"publish","type":"page","link":"https:\/\/users.utu.fi\/mmmann\/media\/","title":{"rendered":"Media"},"content":{"rendered":"<p><span style=\"font-weight: 400\"><img loading=\"lazy\" decoding=\"async\" class=\"size-medium wp-image-159 alignright\" src=\"https:\/\/users.utu.fi\/mmmann\/wp-content\/uploads\/sites\/392\/2017\/07\/Imagenkuva-225x300.jpg\" alt=\"\" width=\"225\" height=\"300\" srcset=\"https:\/\/users.utu.fi\/mmmann\/wp-content\/uploads\/sites\/392\/2017\/07\/Imagenkuva-225x300.jpg 225w, https:\/\/users.utu.fi\/mmmann\/wp-content\/uploads\/sites\/392\/2017\/07\/Imagenkuva.jpg 480w\" sizes=\"auto, (max-width: 225px) 100vw, 225px\" \/>&#8211; a selection &#8211;<\/span><\/p>\n<p><strong>Yle columns<\/strong><\/p>\n<p><a href=\"https:\/\/yle.fi\/uutiset\/3-9644126\"><span style=\"font-weight: 400\">Soten my\u00f6t\u00e4 saat omahoitaa itsesi kunnon kansalaiseksi <\/span><\/a><\/p>\n<p><span style=\"font-weight: 400\">(YLE 2 June, 2017) <\/span><\/p>\n<p><a href=\"https:\/\/yle.fi\/uutiset\/3-9511308\"><span style=\"font-weight: 400\">Kelassakin tunnollisuudella on raja-arvonsa<\/span><\/a><\/p>\n<p><span style=\"font-weight: 400\">(YLE 16 March, 2017)<\/span><\/p>\n<p><strong>Interviews<\/strong><\/p>\n<p><a href=\"http:\/\/digilehdet.sanomapaino.fi\/d802c02c-b6cd-4972-839e-402cb38790b1\/1\"><span style=\"font-weight: 400\">PR puhuu mustan valkoiseksi<\/span><\/a><\/p>\n<p><span style=\"font-weight: 400\">(PAM-lehti 17 February, 2016) <\/span><\/p>\n<p><a href=\"http:\/\/www.ksml.fi\/talous\/Ty\u00f6nv\u00e4litys-muuttuu-liiketoiminnaksi-\u2013-suuri-muutos-joka-ei-suinkaan-ole-ongelmaton\/832994\"><span style=\"font-weight: 400\">Ty\u00f6nv\u00e4litys muuttuu liiketoiminnaksi &#8211; suuri muutos joka ei suinkaan ole ongelmaton<\/span><\/a><\/p>\n<p><span style=\"font-weight: 400\">(Keskisuomalainen 12 September, 2016)<\/span><\/p>\n<p><a href=\"http:\/\/www.hs.fi\/politiikka\/art-2000002877615.html\"><span style=\"font-weight: 400\">Tutkijat analysoivat Niinist\u00f6n uudenvuoden\u00adpuheen: Kriisipuhetta ilman pelottelua ja koruton tyyli kuin Paasikivell\u00e4<\/span><\/a><\/p>\n<p><span style=\"font-weight: 400\">(HS 1 January, 2016)<\/span><\/p>\n<p><a href=\"http:\/\/www.hs.fi\/elama\/art-2000002903868.html\"><span style=\"font-weight: 400\">Nuoret aikuiset kaipaavatkin pysyvyytt\u00e4, eiv\u00e4t start-up-vapautta \u2013 Tutkija: \u201dP\u00f6hin\u00e4n ja paikattomuuden kaipuusta ei ole n\u00e4ytt\u00f6\u00e4\u201d<\/span><\/a><\/p>\n<p><span style=\"font-weight: 400\">(HS 31 May, 2016)<\/span><\/p>\n<p><a href=\"http:\/\/www.image.fi\/image-lehti\/tutkija-koulutus-ei-suosi-tyttoja\"><span style=\"font-weight: 400\">Tutkija: Koulutus ei suosi tytt\u00f6j\u00e4<\/span><\/a><\/p>\n<p><span style=\"font-weight: 400\">(Image 31 January, 2016) <\/span><\/p>\n<p><a href=\"https:\/\/www.sttk.fi\/wp-content\/uploads\/2015\/10\/STTK_1506_www.pdf\"><span style=\"font-weight: 400\">Ty\u00f6nteon takana on tunne<\/span><\/a><\/p>\n<p><span style=\"font-weight: 400\">(STTK-lehti 6\/2015) \u00a0<\/span><\/p>\n<p><a href=\"http:\/\/www.abounderrattelser.fi\/news\/2015\/09\/forskare-juha-sipilas-handslag-ar-problematiskt.html\"><span style=\"font-weight: 400\">Forskare: Juha Sipil\u00e4s \u201dhandslag\u201d \u00e4r problematiskt<\/span><\/a><\/p>\n<p><span style=\"font-weight: 400\">(\u00c5bo Nyheter 17 September, 2015) <\/span><\/p>\n<p><a href=\"http:\/\/www.hs.fi\/politiikka\/art-2000002850222.html\"><span style=\"font-weight: 400\">Tutkija: Sipil\u00e4n puhetapa on tuulahdus sadan vuoden takaisesta tehdasteollisuudesta \u2013 &#8220;Jopa ay-liikkeen ajattelu on uudempaa&#8221;<\/span><\/a><\/p>\n<p><span style=\"font-weight: 400\">(HS 9 September, 2015)<\/span><\/p>\n<p><a href=\"https:\/\/yle.fi\/uutiset\/3-8299672\"><span style=\"font-weight: 400\">Tutkija: Hallituksen tapa esitell\u00e4 leikkauslista v\u00e4h\u00e4tteli ty\u00f6ntekij\u00e4n n\u00e4k\u00f6kulmaa<\/span><\/a><\/p>\n<p><span style=\"font-weight: 400\">(YLE News 12 September, 2015)<\/span><\/p>\n","protected":false},"excerpt":{"rendered":"<p>&#8211; a selection &#8211; Yle columns Soten my\u00f6t\u00e4 saat omahoitaa itsesi kunnon kansalaiseksi (YLE 2 June, 2017) Kelassakin tunnollisuudella on raja-arvonsa (YLE 16 March, 2017) Interviews PR puhuu mustan valkoiseksi (PAM-lehti 17 February, 2016) Ty\u00f6nv\u00e4litys muuttuu liiketoiminnaksi &#8211; suuri muutos joka ei suinkaan ole ongelmaton (Keskisuomalainen 12 September, 2016) Tutkijat analysoivat Niinist\u00f6n uudenvuoden\u00adpuheen: Kriisipuhetta ilman &hellip; <a href=\"https:\/\/users.utu.fi\/mmmann\/media\/\" class=\"more-link\">Continue reading <span class=\"screen-reader-text\">Media<\/span><\/a><\/p>\n","protected":false},"author":839,"featured_media":0,"parent":0,"menu_order":0,"comment_status":"closed","ping_status":"closed","template":"","meta":{"footnotes":""},"class_list":["post-102","page","type-page","status-publish","hentry"],"_links":{"self":[{"href":"https:\/\/users.utu.fi\/mmmann\/wp-json\/wp\/v2\/pages\/102","targetHints":{"allow":["GET"]}}],"collection":[{"href":"https:\/\/users.utu.fi\/mmmann\/wp-json\/wp\/v2\/pages"}],"about":[{"href":"https:\/\/users.utu.fi\/mmmann\/wp-json\/wp\/v2\/types\/page"}],"author":[{"embeddable":true,"href":"https:\/\/users.utu.fi\/mmmann\/wp-json\/wp\/v2\/users\/839"}],"replies":[{"embeddable":true,"href":"https:\/\/users.utu.fi\/mmmann\/wp-json\/wp\/v2\/comments?post=102"}],"version-history":[{"count":3,"href":"https:\/\/users.utu.fi\/mmmann\/wp-json\/wp\/v2\/pages\/102\/revisions"}],"predecessor-version":[{"id":164,"href":"https:\/\/users.utu.fi\/mmmann\/wp-json\/wp\/v2\/pages\/102\/revisions\/164"}],"wp:attachment":[{"href":"https:\/\/users.utu.fi\/mmmann\/wp-json\/wp\/v2\/media?parent=102"}],"curies":[{"name":"wp","href":"https:\/\/api.w.org\/{rel}","templated":true}]}}