{"id":8,"date":"2024-08-22T15:10:46","date_gmt":"2024-08-22T12:10:46","guid":{"rendered":"https:\/\/users.utu.fi\/tvmtho\/?page_id=8"},"modified":"2024-08-22T15:13:25","modified_gmt":"2024-08-22T12:13:25","slug":"info","status":"publish","type":"page","link":"https:\/\/users.utu.fi\/tvmtho\/info\/","title":{"rendered":"Info"},"content":{"rendered":"<figure id=\"attachment_10\" aria-describedby=\"caption-attachment-10\" style=\"width: 300px\" class=\"wp-caption alignright\"><img loading=\"lazy\" decoding=\"async\" class=\"wp-image-10 size-medium\" src=\"https:\/\/users.utu.fi\/tvmtho\/wp-content\/uploads\/sites\/1411\/2024\/08\/Profiilikuva-Tarmo-Thorstrom-300x300.jpg\" alt=\"Tarmo Thorstr\u00f6m Rauma-neuleessa. Kuva: Hans Lehtinen\" width=\"300\" height=\"300\" srcset=\"https:\/\/users.utu.fi\/tvmtho\/wp-content\/uploads\/sites\/1411\/2024\/08\/Profiilikuva-Tarmo-Thorstrom-300x300.jpg 300w, https:\/\/users.utu.fi\/tvmtho\/wp-content\/uploads\/sites\/1411\/2024\/08\/Profiilikuva-Tarmo-Thorstrom-1024x1024.jpg 1024w, https:\/\/users.utu.fi\/tvmtho\/wp-content\/uploads\/sites\/1411\/2024\/08\/Profiilikuva-Tarmo-Thorstrom-150x150.jpg 150w, https:\/\/users.utu.fi\/tvmtho\/wp-content\/uploads\/sites\/1411\/2024\/08\/Profiilikuva-Tarmo-Thorstrom-768x768.jpg 768w, https:\/\/users.utu.fi\/tvmtho\/wp-content\/uploads\/sites\/1411\/2024\/08\/Profiilikuva-Tarmo-Thorstrom-1536x1536.jpg 1536w, https:\/\/users.utu.fi\/tvmtho\/wp-content\/uploads\/sites\/1411\/2024\/08\/Profiilikuva-Tarmo-Thorstrom.jpg 1940w\" sizes=\"auto, (max-width: 300px) 100vw, 300px\" \/><figcaption id=\"caption-attachment-10\" class=\"wp-caption-text\">Tarmo Thorstr\u00f6m. Kuva: Hans Lehtinen<\/figcaption><\/figure>\n<p><strong>Tarmo Thorstr\u00f6m<\/strong> on Turussa asuva <a href=\"https:\/\/www.utu.fi\/fi\/ihmiset\/tarmo-thorstrom\" target=\"_blank\" rel=\"noopener\">yliopisto-opettaja<\/a>, taiteilija ja pitsinnypl\u00e4yksen k\u00e4sity\u00f6mestari. P\u00e4iv\u00e4ty\u00f6t ovat Turun yliopiston opettajankoulutuslaitoksen Rauman kampuksella k\u00e4sity\u00f6kasvatuksen opettajana. Toinen el\u00e4m\u00e4 l\u00f6ytyy taiteen ja k\u00e4sity\u00f6n rajapinnoista. Siihen puoleen voit tutustua osoitteessa <a href=\"http:\/\/www.thorstrom.com\" target=\"_blank\" rel=\"noopener\">www.thorstrom.com<\/a>.<\/p>\n<p>T\u00e4ss\u00e4 blogissa Tarmo kirjoittaa ajatuksiaan yksityishenkil\u00f6n\u00e4. Ne eiv\u00e4t edusta ty\u00f6nantajaa mill\u00e4\u00e4n tapaa, vaikka blogi ty\u00f6nantajan palvelimella sijaitseekin. Blogin perimm\u00e4inen tarkoitus on kehitt\u00e4\u00e4 omaa ajattelua kirjoittamisen kautta. Ollos tervetullut siis keskustelemaan!<\/p>\n","protected":false},"excerpt":{"rendered":"<p>Tarmo Thorstr\u00f6m on Turussa asuva yliopisto-opettaja, taiteilija ja pitsinnypl\u00e4yksen k\u00e4sity\u00f6mestari. P\u00e4iv\u00e4ty\u00f6t ovat Turun yliopiston opettajankoulutuslaitoksen Rauman kampuksella k\u00e4sity\u00f6kasvatuksen opettajana. Toinen el\u00e4m\u00e4 l\u00f6ytyy taiteen ja k\u00e4sity\u00f6n&hellip; <a href=\"https:\/\/users.utu.fi\/tvmtho\/info\/\" class=\"more-link\">Continue reading <span class=\"screen-reader-text\">Info<\/span><\/a><\/p>\n","protected":false},"author":6745,"featured_media":0,"parent":0,"menu_order":0,"comment_status":"closed","ping_status":"closed","template":"","meta":{"footnotes":""},"class_list":["post-8","page","type-page","status-publish","hentry"],"_links":{"self":[{"href":"https:\/\/users.utu.fi\/tvmtho\/wp-json\/wp\/v2\/pages\/8","targetHints":{"allow":["GET"]}}],"collection":[{"href":"https:\/\/users.utu.fi\/tvmtho\/wp-json\/wp\/v2\/pages"}],"about":[{"href":"https:\/\/users.utu.fi\/tvmtho\/wp-json\/wp\/v2\/types\/page"}],"author":[{"embeddable":true,"href":"https:\/\/users.utu.fi\/tvmtho\/wp-json\/wp\/v2\/users\/6745"}],"replies":[{"embeddable":true,"href":"https:\/\/users.utu.fi\/tvmtho\/wp-json\/wp\/v2\/comments?post=8"}],"version-history":[{"count":5,"href":"https:\/\/users.utu.fi\/tvmtho\/wp-json\/wp\/v2\/pages\/8\/revisions"}],"predecessor-version":[{"id":14,"href":"https:\/\/users.utu.fi\/tvmtho\/wp-json\/wp\/v2\/pages\/8\/revisions\/14"}],"wp:attachment":[{"href":"https:\/\/users.utu.fi\/tvmtho\/wp-json\/wp\/v2\/media?parent=8"}],"curies":[{"name":"wp","href":"https:\/\/api.w.org\/{rel}","templated":true}]}}